{"id":2173,"date":"2023-10-13T16:43:36","date_gmt":"2023-10-13T13:43:36","guid":{"rendered":"https:\/\/yasarlaw.com\/tr\/?page_id=2173"},"modified":"2024-07-10T01:28:45","modified_gmt":"2024-07-09T22:28:45","slug":"idari-yargida-temyiz-kanun-yoluna-basvuru-parasal-siniri-iptal-edildi","status":"publish","type":"page","link":"https:\/\/yasarlaw.com\/tr\/yayinlar\/idari-yargida-temyiz-kanun-yoluna-basvuru-parasal-siniri-iptal-edildi\/","title":{"rendered":"\u0130dari Yarg\u0131da Temyiz Kanun Yoluna Ba\u015fvuru Parasal S\u0131n\u0131r\u0131 \u0130ptal Edildi"},"content":{"rendered":"\t\t<div data-elementor-type=\"wp-page\" data-elementor-id=\"2173\" class=\"elementor elementor-2173\">\n\t\t\t\t\t\t<section class=\"elementor-section elementor-top-section elementor-element elementor-element-1683c794 elementor-section-stretched elementor-section-boxed elementor-section-height-default elementor-section-height-default\" data-id=\"1683c794\" data-element_type=\"section\" data-settings=\"{&quot;stretch_section&quot;:&quot;section-stretched&quot;,&quot;background_background&quot;:&quot;classic&quot;}\">\n\t\t\t\t\t\t\t<div class=\"elementor-background-overlay\"><\/div>\n\t\t\t\t\t\t\t<div class=\"elementor-container elementor-column-gap-no\">\n\t\t\t\t\t<div class=\"elementor-column elementor-col-100 elementor-top-column elementor-element elementor-element-5ef10a83\" data-id=\"5ef10a83\" data-element_type=\"column\">\n\t\t\t<div class=\"elementor-widget-wrap elementor-element-populated\">\n\t\t\t\t\t\t<div class=\"elementor-element elementor-element-d0a8f48 elementor-widget__width-auto elementor-absolute elementor-widget-mobile__width-auto elementor-widget elementor-widget-text-editor\" data-id=\"d0a8f48\" data-element_type=\"widget\" data-settings=\"{&quot;_position&quot;:&quot;absolute&quot;}\" data-widget_type=\"text-editor.default\">\n\t\t\t\t<div class=\"elementor-widget-container\">\n\t\t\t\t\t\t\t\t\t<p><span style=\"color: #ffffff;\"><strong>\u0130dari Yarg\u0131da Temyiz Kanun Yoluna Ba\u015fvuru Parasal S\u0131n\u0131r\u0131 \u0130ptal Edildi<\/strong><\/span><\/p>\t\t\t\t\t\t\t\t<\/div>\n\t\t\t\t<\/div>\n\t\t\t\t\t<\/div>\n\t\t<\/div>\n\t\t\t\t\t<\/div>\n\t\t<\/section>\n\t\t\t\t<section class=\"elementor-section elementor-top-section elementor-element elementor-element-37652bf2 elementor-section-stretched elementor-section-boxed elementor-section-height-default elementor-section-height-default\" data-id=\"37652bf2\" data-element_type=\"section\" data-settings=\"{&quot;stretch_section&quot;:&quot;section-stretched&quot;}\">\n\t\t\t\t\t\t<div class=\"elementor-container elementor-column-gap-wider\">\n\t\t\t\t\t<div class=\"elementor-column elementor-col-100 elementor-top-column elementor-element elementor-element-135ac3b9\" data-id=\"135ac3b9\" data-element_type=\"column\" data-settings=\"{&quot;background_background&quot;:&quot;classic&quot;}\">\n\t\t\t<div class=\"elementor-widget-wrap elementor-element-populated\">\n\t\t\t\t\t\t<div class=\"elementor-element elementor-element-7f2267ca elementor-widget elementor-widget-text-editor\" data-id=\"7f2267ca\" data-element_type=\"widget\" data-widget_type=\"text-editor.default\">\n\t\t\t\t<div class=\"elementor-widget-container\">\n\t\t\t\t\t\t\t\t\t<p><strong>1. \u0130dari Yarg\u0131da Temyiz Kanun Yoluna Ba\u015fvuru Parasal S\u0131n\u0131r\u0131<\/strong><\/p><p>2577 say\u0131l\u0131 \u0130dari Yarg\u0131lama Usul\u00fc Kanunu (\u201c<strong>\u0130YUK<\/strong>\u201d) m. 46 h\u00fckm\u00fc uyar\u0131nca Dan\u0131\u015ftay dava dairelerinin nihai kararlar\u0131 ile b\u00f6lge idare mahkemelerinin konusu y\u00fcz bin T\u00fcrk liras\u0131n\u0131 a\u015fan vergi davalar\u0131, tam yarg\u0131 davalar\u0131 ve idari i\u015flemler hakk\u0131nda a\u00e7\u0131lan davalar hakk\u0131nda verdikleri kararlar, ba\u015fka kanunlarda aksine h\u00fck\u00fcm bulunsa dahi Dan\u0131\u015ftayda karar\u0131n tebli\u011finden itibaren otuz g\u00fcn i\u00e7inde temyiz edilebilmektedir. \u0130YUK ek madde 1 h\u00fckm\u00fc uyar\u0131nca da kanunda \u00f6ng\u00f6r\u00fclen parasal s\u0131n\u0131rlar, her takvim y\u0131l\u0131 ba\u015f\u0131ndan itibaren ge\u00e7erli olmak \u00fczere, \u00f6nceki y\u0131lda uygulanan parasal s\u0131n\u0131rlar\u0131n o y\u0131l i\u00e7in tespit ve ilan edilen yeniden de\u011ferleme oran\u0131nda art\u0131r\u0131lmas\u0131 suretiyle uygulanacakt\u0131r. 2023 y\u0131l\u0131 i\u00e7in temyiz kanun yoluna ba\u015fvuru parasal s\u0131n\u0131r\u0131 ise 581.000 TL olarak tespit edilmi\u015ftir.<\/p><p>Bununla birlikte, \u0130YUK\u2019ta an\u0131lan parasal s\u0131n\u0131r\u0131n hangi an esas al\u0131narak de\u011ferlendirilece\u011fine ili\u015fkin herhangi bir d\u00fczenleme bulunmamaktad\u0131r. \u015e\u00f6yle ki, \u00f6rnek vermek gerekirse, 2014 y\u0131l\u0131nda a\u00e7\u0131lan bir dava hakk\u0131nda istinaf mahkemesi 2015 y\u0131l\u0131nda karar vermi\u015fse istinaf mahkemesinin bu karar\u0131na 2014 ve 2015&#8217;te ge\u00e7erli olan temyiz kanun yoluna ba\u015fvuru parasal s\u0131n\u0131rlar\u0131ndan hangisinin uygulanaca\u011f\u0131na ili\u015fkin \u0130YUK\u2019ta bir h\u00fck\u00fcm bulunmamaktad\u0131r. 6100 say\u0131l\u0131 Hukuk Usul\u00fc Muhakemeleri Kanunu ek madde 1 uyar\u0131nca, hukuk yarg\u0131lamas\u0131nda temyiz kanun yoluna ba\u015fvuru parasal s\u0131n\u0131r\u0131n\u0131n uygulanmas\u0131nda hangi tarihin esas al\u0131naca\u011f\u0131 sorunu, temyiz edilecek karar\u0131n verildi\u011fi tarihin esas al\u0131nmas\u0131 \u015feklinde \u00e7\u00f6z\u00fclm\u00fc\u015ft\u00fcr. Benzer \u015fekilde, Dan\u0131\u015ftay i\u00e7tihatlar\u0131nda da temyiz edilecek karar\u0131n verildi\u011fi tarihin esas al\u0131nmas\u0131n\u0131n kabul edildi\u011fi g\u00f6r\u00fclmektedir.<\/p><p><strong>2. Anayasa Mahkemesinin \u0130ptal Karar\u0131<\/strong><\/p><p>Yukar\u0131da a\u00e7\u0131klanan \u0130YUK m. 46\/1-b h\u00fckm\u00fcn\u00fcn Anayasa m. 2, 10, 13, 36 ve 37 h\u00fck\u00fcmlerine ayk\u0131r\u0131l\u0131\u011f\u0131 nedeniyle somut norm denetimi ba\u015fvurusunda bulunulmu\u015ftur. Ba\u015fvuruda \u00f6zetle, her y\u0131l yeniden de\u011ferleme oran\u0131 ile parasal s\u0131n\u0131r\u0131n artmas\u0131 nedeniyle dava a\u00e7\u0131ld\u0131\u011f\u0131 esnada temyiz kanun yoluna ba\u015fvuru parasal s\u0131n\u0131r\u0131 i\u00e7inde kalan bir uyu\u015fmazl\u0131\u011f\u0131n istinaf merciin karar verdi\u011fi tarihe kadar temyiz yoluna kapal\u0131 hale gelebildi\u011fi, bu durumun da mahkemeye eri\u015fim hakk\u0131, h\u00fckm\u00fcn denetlenmesini talep etme hakk\u0131, \u00f6l\u00e7\u00fcl\u00fcl\u00fck ve kanuni h\u00e2kim ilkeleri ile ba\u011fda\u015fmad\u0131\u011f\u0131; ayr\u0131ca temyiz kanun yoluna ba\u015fvuru parasal s\u0131n\u0131r\u0131 de\u011ferlendirilirken hangi tarihin esas al\u0131naca\u011f\u0131na dair a\u00e7\u0131k bir h\u00fck\u00fcm bulunmamas\u0131 nedeniyle hukuki belirlilik ve \u00f6ng\u00f6r\u00fclebilirlik ilkelerinin ihlal edildi\u011fi; ayn\u0131 tarihte a\u00e7\u0131ld\u0131\u011f\u0131 h\u00e2lde di\u011ferine g\u00f6re daha ge\u00e7 sonu\u00e7lanan davan\u0131n \u00f6ncekinden farkl\u0131 olarak temyiz incelemesinden mahrum kalabildi\u011fi ve bunun da e\u015fitli\u011fe ayk\u0131r\u0131 oldu\u011fu ileri s\u00fcr\u00fclm\u00fc\u015ft\u00fcr.<\/p><p>Anayasa Mahkemesi ise de\u011ferlendirmesinde temyize tabi kararlar\u0131n belirlenmesine ili\u015fkin parasal s\u0131n\u0131r\u0131n her y\u0131l g\u00fcncellenmesi nedeniyle hangi tarihteki parasal s\u0131n\u0131ra g\u00f6re temyiz kanun yoluna ba\u015fvurulabilece\u011finin kanunda belirli bir a\u00e7\u0131kl\u0131kta ve \u00f6ng\u00f6r\u00fclebilir bir \u015fekilde d\u00fczenlenmesi gerekti\u011fine, bu itibarla parasal s\u0131n\u0131r kural\u0131nda temyiz kanun yoluna ba\u015fvuru a\u00e7\u0131s\u0131ndan hangi tarihteki parasal s\u0131n\u0131r\u0131n uygulanaca\u011f\u0131 hususunun a\u00e7\u0131k, net ve teredd\u00fcde yer vermeyecek \u015fekilde d\u00fczenlememi\u015f olmas\u0131 nedeniyle kural\u0131n kanunilik \u015fart\u0131n\u0131 ta\u015f\u0131mad\u0131\u011f\u0131 sonucuna ula\u015fm\u0131\u015ft\u0131r.<\/p><p>Ayr\u0131ca Anayasa Mahkemesi, usul ekonomisi ve makul s\u00fcrede yarg\u0131lama ilkeleri a\u00e7\u0131s\u0131ndan \u00f6nemsiz say\u0131labilecek baz\u0131 davalarda verilen kararlar\u0131n kesin olmas\u0131n\u0131n h\u00fckm\u00fcn denetlenmesini talep etme hakk\u0131na ayk\u0131r\u0131l\u0131k te\u015fkil etmeyece\u011fi y\u00f6n\u00fcndeki \u00f6nceki tarihli i\u00e7tihad\u0131na yollama yapm\u0131\u015f, ancak b\u00f6lge idare mahkemesince istinaf ba\u015fvurusu kabul edilerek ilk derece mahkemesi karar\u0131n\u0131n kald\u0131r\u0131lmas\u0131 ve i\u015fin esas\u0131 hakk\u0131nda karar verilmesi h\u00e2linde b\u00f6lge idare mahkemesinin ilk elden verdi\u011fi bu karara kar\u015f\u0131 temyiz kanun yoluna ba\u015fvurulamamas\u0131n\u0131n h\u00fckm\u00fcn denetlenmesi hakk\u0131na ayk\u0131r\u0131l\u0131k te\u015fkil edece\u011fini ifade etmi\u015ftir. Buradaki g\u00f6r\u00fc\u015f de\u011fi\u015fikli\u011fini ise konusu istinaf s\u0131n\u0131r\u0131n\u0131n \u00fcst\u00fcnde olup 2023 y\u0131l\u0131nda uygulanan temyiz kanun yoluna ba\u015fvuru parasal s\u0131n\u0131r\u0131 olan 581.000 TL\u2019nin alt\u0131nda kalan t\u00fcm uyu\u015fmazl\u0131klar\u0131n tutar a\u00e7\u0131s\u0131ndan \u00f6nemsiz olmayaca\u011f\u0131na dayand\u0131rmaktad\u0131r. Anayasa Mahkemesi bu nedenle konusu 581.000 TL alt\u0131nda kalan t\u00fcm vergi davalar\u0131, tam yarg\u0131 davalar\u0131 ve idari i\u015flemlerden kaynaklanan davalarda ilk kez davac\u0131lar aleyhine h\u00fck\u00fcm kuran b\u00f6lge idare mahkemesi karar\u0131na kar\u015f\u0131 temyiz kanun yoluna ba\u015fvurulamamas\u0131n\u0131n h\u00fckm\u00fcn denetlenmesini talep etme hakk\u0131na orant\u0131s\u0131z bir s\u0131n\u0131rlama getirdi\u011fine h\u00fckmetmi\u015ftir.<\/p><p>Yukar\u0131da a\u00e7\u0131klanan gerek\u00e7elerle \u0130YUK m. 46\/1-b\u2019de d\u00fczenlenen konusu y\u00fcz bin T\u00fcrk liras\u0131n\u0131 a\u015fan vergi davalar\u0131, tam yarg\u0131 davalar\u0131 ve idari i\u015flemler hakk\u0131nda a\u00e7\u0131lan davalar\u0131n temyiz edilebilece\u011fine ili\u015fkin h\u00fck\u00fcm iptal edilmi\u015f, b\u00f6ylece istinaf mahkemeleri taraf\u0131ndan verilen kararlar\u0131n parasal tutar\u0131 ne olursa olsun temyiz incelemesine g\u00f6nderilebilmesine olanak tan\u0131m\u0131\u015ft\u0131r. Anayasa Mahkemesi&#8217;nin 2023\/36 E., 2023\/142 K. say\u0131l\u0131 ve 26.07.2023 tarihli iptal karar\u0131, 13.10.2023 tarihli, 32338 say\u0131l\u0131 Resm\u00ee Gazete&#8217;de ilan edilmi\u015ftir.<\/p><p><strong>3. Y\u00fcr\u00fcrl\u00fck<\/strong><\/p><p>An\u0131lan iptal karar\u0131, 12.07.2024 tarihinde y\u00fcr\u00fcrl\u00fc\u011fe girecektir. Bu tarihe kadar kanun koyucunun nas\u0131l bir d\u00fczenlemeyi y\u00fcr\u00fcrl\u00fc\u011fe koyaca\u011f\u0131 bilinmemektedir. Bununla birlikte, Dan\u0131\u015ftay i\u00e7tihatlar\u0131 uyar\u0131nca istinaf mahkemesi karar\u0131n\u0131n verildi\u011fi tarih nazara al\u0131nd\u0131\u011f\u0131ndan devam etmekte olan davalarda 12.07.2024\u2019e kadar istinaf mahkemelerinin verdi\u011fi kararlar bak\u0131m\u0131ndan konusu 581.000 TL\u2019nin alt\u0131nda olan davalar\u0131n temyiz kanun yoluna kapal\u0131 oldu\u011funa h\u00fckmedilece\u011fi, bu tarihten sonra istinaf mahkemelerinin verdi\u011fi kararlar bak\u0131m\u0131ndan parasal s\u0131n\u0131r\u0131n g\u00f6zetilmeyece\u011fi \u00f6ng\u00f6r\u00fclmektedir.<\/p><p><span style=\"letter-spacing: 0.15px;\">Herhangi bir sorunuz olmas\u0131 halinde bize ula\u015fabilirsiniz<\/span><\/p>\t\t\t\t\t\t\t\t<\/div>\n\t\t\t\t<\/div>\n\t\t\t\t\t<\/div>\n\t\t<\/div>\n\t\t\t\t\t<\/div>\n\t\t<\/section>\n\t\t\t\t<section class=\"elementor-section elementor-top-section elementor-element elementor-element-4fe75500 elementor-section-boxed elementor-section-height-default elementor-section-height-default\" data-id=\"4fe75500\" data-element_type=\"section\">\n\t\t\t\t\t\t<div class=\"elementor-container elementor-column-gap-default\">\n\t\t\t\t\t<div class=\"elementor-column elementor-col-100 elementor-top-column elementor-element elementor-element-3dd48092\" data-id=\"3dd48092\" data-element_type=\"column\">\n\t\t\t<div class=\"elementor-widget-wrap\">\n\t\t\t\t\t\t\t<\/div>\n\t\t<\/div>\n\t\t\t\t\t<\/div>\n\t\t<\/section>\n\t\t\t\t<section class=\"elementor-section elementor-top-section elementor-element elementor-element-26fa9928 elementor-section-stretched elementor-section-boxed elementor-section-height-default elementor-section-height-default\" data-id=\"26fa9928\" data-element_type=\"section\" data-settings=\"{&quot;stretch_section&quot;:&quot;section-stretched&quot;}\">\n\t\t\t\t\t\t<div class=\"elementor-container elementor-column-gap-wider\">\n\t\t\t\t\t<div class=\"elementor-column elementor-col-100 elementor-top-column elementor-element elementor-element-c5b4038\" data-id=\"c5b4038\" data-element_type=\"column\" data-settings=\"{&quot;background_background&quot;:&quot;classic&quot;}\">\n\t\t\t<div class=\"elementor-widget-wrap elementor-element-populated\">\n\t\t\t\t\t\t<section class=\"elementor-section elementor-inner-section elementor-element elementor-element-3f767c48 elementor-section-full_width elementor-section-height-default elementor-section-height-default\" data-id=\"3f767c48\" data-element_type=\"section\">\n\t\t\t\t\t\t<div class=\"elementor-container elementor-column-gap-default\">\n\t\t\t\t\t<div class=\"elementor-column elementor-col-50 elementor-inner-column elementor-element elementor-element-368fb3c6\" data-id=\"368fb3c6\" data-element_type=\"column\">\n\t\t\t<div class=\"elementor-widget-wrap elementor-element-populated\">\n\t\t\t\t\t\t<div class=\"elementor-element elementor-element-147a07b8 elementor-widget elementor-widget-text-editor\" data-id=\"147a07b8\" data-element_type=\"widget\" data-widget_type=\"text-editor.default\">\n\t\t\t\t<div class=\"elementor-widget-container\">\n\t\t\t\t\t\t\t\t\t<p><span style=\"color: #781619;\"><b>Ya\u015far Law Office<\/b><\/span><\/p><p><span style=\"color: #781619;\">Bize Ula\u015f\u0131n:<\/span><\/p><p><span style=\"color: #781619;\">Karanfil Sokak, No: 13\u00a0<\/span><\/p><p><span style=\"color: #781619;\">Levent, Be\u015fikta\u015f, \u0130stanbul<\/span><\/p><p><span style=\"color: #781619;\"><a style=\"color: #781619;\" title=\"+90 212 401 4240\" href=\"tel:+902124014240\">+90 212 401 4240<\/a><\/span><\/p><p><span style=\"color: #781619;\"><a style=\"color: #781619;\" title=\"info@yasarlaw.com\" href=\"mailto:info@yasarlaw.com\">info@yasarlaw.com<\/a><\/span><\/p>\t\t\t\t\t\t\t\t<\/div>\n\t\t\t\t<\/div>\n\t\t\t\t<div class=\"elementor-element elementor-element-df17b89 elementor-widget elementor-widget-text-editor\" data-id=\"df17b89\" data-element_type=\"widget\" data-widget_type=\"text-editor.default\">\n\t\t\t\t<div class=\"elementor-widget-container\">\n\t\t\t\t\t\t\t\t\t<p><span style=\"color: rgb(120, 22, 25); font-style: inherit; font-weight: inherit; letter-spacing: 0.01em;\">Bize Ula\u015f\u0131n:<\/span><br><\/p>\n<p><span style=\"color: #781619;\">859. Sokak, No: 4\/303<\/span><\/p>\n<p><font color=\"#781619\">Cumhuriyet Bulvar\u0131, Konak, \u0130zmir<\/font><\/p>\n<p><span style=\"color: #781619;\"><a style=\"color: #781619;\" title=\"+90 212 401 4240\" href=\"tel:+902124014240\">+90 212 401 4240<\/a><\/span><\/p>\n<p><span style=\"color: #781619;\"><a style=\"color: #781619;\" title=\"info@yasarlaw.com\" href=\"mailto:info@yasarlaw.com\">info@yasarlaw.com<\/a><\/span><\/p>\t\t\t\t\t\t\t\t<\/div>\n\t\t\t\t<\/div>\n\t\t\t\t\t<\/div>\n\t\t<\/div>\n\t\t\t\t<div class=\"elementor-column elementor-col-50 elementor-inner-column elementor-element elementor-element-4290edba\" data-id=\"4290edba\" data-element_type=\"column\">\n\t\t\t<div class=\"elementor-widget-wrap elementor-element-populated\">\n\t\t\t\t\t\t<div class=\"elementor-element elementor-element-5b2d60b0 elementor-widget elementor-widget-google_maps\" data-id=\"5b2d60b0\" data-element_type=\"widget\" data-widget_type=\"google_maps.default\">\n\t\t\t\t<div class=\"elementor-widget-container\">\n\t\t\t\t\t\t\t<div class=\"elementor-custom-embed\">\n\t\t\t<iframe loading=\"lazy\"\n\t\t\t\t\tsrc=\"https:\/\/maps.google.com\/maps?q=Karanfil%20Soka%C4%9F%C4%B1%20No%3A13%2C%20Levent%2C%2034330%20Be%C5%9Fikta%C5%9F%2F%C4%B0stanbul&#038;t=m&#038;z=15&#038;output=embed&#038;iwloc=near\"\n\t\t\t\t\ttitle=\"Karanfil Soka\u011f\u0131 No:13, Levent, 34330 Be\u015fikta\u015f\/\u0130stanbul\"\n\t\t\t\t\taria-label=\"Karanfil Soka\u011f\u0131 No:13, Levent, 34330 Be\u015fikta\u015f\/\u0130stanbul\"\n\t\t\t><\/iframe>\n\t\t<\/div>\n\t\t\t\t\t\t<\/div>\n\t\t\t\t<\/div>\n\t\t\t\t\t<\/div>\n\t\t<\/div>\n\t\t\t\t\t<\/div>\n\t\t<\/section>\n\t\t\t\t\t<\/div>\n\t\t<\/div>\n\t\t\t\t\t<\/div>\n\t\t<\/section>\n\t\t\t\t<\/div>\n\t\t","protected":false},"excerpt":{"rendered":"<p>\u0130dari Yarg\u0131da Temyiz Kanun Yoluna Ba\u015fvuru Parasal S\u0131n\u0131r\u0131 \u0130ptal Edildi 1. \u0130dari Yarg\u0131da Temyiz Kanun Yoluna Ba\u015fvuru Parasal S\u0131n\u0131r\u0131 2577 say\u0131l\u0131 \u0130dari Yarg\u0131lama Usul\u00fc Kanunu (\u201c\u0130YUK\u201d) m. 46 h\u00fckm\u00fc uyar\u0131nca Dan\u0131\u015ftay dava dairelerinin nihai kararlar\u0131 ile b\u00f6lge idare mahkemelerinin konusu y\u00fcz bin T\u00fcrk liras\u0131n\u0131 a\u015fan vergi davalar\u0131, tam yarg\u0131 davalar\u0131 ve idari i\u015flemler hakk\u0131nda a\u00e7\u0131lan [&hellip;]<\/p>\n","protected":false},"author":1,"featured_media":0,"parent":1032,"menu_order":0,"comment_status":"closed","ping_status":"closed","template":"","meta":{"zakra_page_container_layout":"customizer","zakra_page_sidebar_layout":"customizer","zakra_remove_content_margin":false,"zakra_sidebar":"customizer","zakra_transparent_header":"customizer","zakra_logo":0,"zakra_main_header_style":"default","zakra_menu_item_color":null,"zakra_menu_item_hover_color":null,"zakra_menu_item_active_color":null,"zakra_menu_active_style":"","zakra_page_header":true,"om_disable_all_campaigns":false,"_monsterinsights_skip_tracking":false,"_monsterinsights_sitenote_active":false,"_monsterinsights_sitenote_note":"","_monsterinsights_sitenote_category":0,"footnotes":""},"class_list":["post-2173","page","type-page","status-publish","hentry"],"aioseo_notices":[],"_links":{"self":[{"href":"https:\/\/yasarlaw.com\/tr\/wp-json\/wp\/v2\/pages\/2173","targetHints":{"allow":["GET"]}}],"collection":[{"href":"https:\/\/yasarlaw.com\/tr\/wp-json\/wp\/v2\/pages"}],"about":[{"href":"https:\/\/yasarlaw.com\/tr\/wp-json\/wp\/v2\/types\/page"}],"author":[{"embeddable":true,"href":"https:\/\/yasarlaw.com\/tr\/wp-json\/wp\/v2\/users\/1"}],"replies":[{"embeddable":true,"href":"https:\/\/yasarlaw.com\/tr\/wp-json\/wp\/v2\/comments?post=2173"}],"version-history":[{"count":33,"href":"https:\/\/yasarlaw.com\/tr\/wp-json\/wp\/v2\/pages\/2173\/revisions"}],"predecessor-version":[{"id":2830,"href":"https:\/\/yasarlaw.com\/tr\/wp-json\/wp\/v2\/pages\/2173\/revisions\/2830"}],"up":[{"embeddable":true,"href":"https:\/\/yasarlaw.com\/tr\/wp-json\/wp\/v2\/pages\/1032"}],"wp:attachment":[{"href":"https:\/\/yasarlaw.com\/tr\/wp-json\/wp\/v2\/media?parent=2173"}],"curies":[{"name":"wp","href":"https:\/\/api.w.org\/{rel}","templated":true}]}}